{"id":27325,"date":"2024-09-30T16:48:56","date_gmt":"2024-09-30T14:48:56","guid":{"rendered":"https:\/\/shop.vendingcafeto.com\/?page_id=27325"},"modified":"2025-07-04T16:12:33","modified_gmt":"2025-07-04T14:12:33","slug":"politica-de-privadesa","status":"publish","type":"page","link":"https:\/\/shop.vendingcafeto.com\/ca\/politica-de-privadesa\/","title":{"rendered":"Pol\u00edtica de privadesa"},"content":{"rendered":"<div class=\"wpb-content-wrapper\"><p>[vc_row][vc_column][vc_column_text css=&#8221;&#8221;]<\/p>\n&#13;\n<p data-start=\"79\" data-end=\"537\">En cumplimiento de la Ley Org\u00e1nica 15\/1999, de 13 de diciembre, de Protecci\u00f3n de Datos de Car\u00e1cter Personal (LOPD) y la Ley 34\/2002, de 11 de julio, de Servicios de la Sociedad de la Informaci\u00f3n y de Comercio Electr\u00f3nico (LSSICE), Vending el Cafet\u00f3, SL informa a los Usuarios que se ha procedido a crear un perfil en las redes sociales Facebook, Twitter y YouTube con la finalidad principal de proporcionar informaci\u00f3n y publicitar sus productos y servicios.<\/p>&#13;\n<p data-start=\"539\" data-end=\"787\"><strong data-start=\"539\" data-end=\"564\">Vending el Cafet\u00f3, SL<\/strong><br data-start=\"564\" data-end=\"567\"\/>CIF: ESB61866299<br data-start=\"583\" data-end=\"586\"\/>Direcci\u00f3n: Ctra. BP5107 Km. 44, Pol\u00edgono La Plana 1, 08458 Sant Pere de Vilamajor (Barcelona)<br data-start=\"679\" data-end=\"682\"\/>Web: <a href=\"http:\/\/www.vendingcafeto.com\" target=\"_new\" rel=\"noopener\" data-start=\"687\" data-end=\"740\">www.vendingcafeto.com<\/a><br data-start=\"740\" data-end=\"743\"\/>Correo electr\u00f3nico: <a rel=\"noopener\" data-start=\"763\" data-end=\"785\">info@vendingcafeto.com<\/a><\/p>&#13;\n<p data-start=\"789\" data-end=\"1109\">El usuario dispone de un perfil en la misma Red Social y ha decidido unirse a la p\u00e1gina creada por Vending el Cafet\u00f3, SL, mostrando as\u00ed su inter\u00e9s en la informaci\u00f3n que se publicite en la Red. Al unirse a nuestra p\u00e1gina, nos facilita su consentimiento para el tratamiento de los datos personales publicados en su perfil.<\/p>&#13;\n<p data-start=\"1111\" data-end=\"1267\">El usuario puede acceder en todo momento a las pol\u00edticas de privacidad de la propia Red Social, as\u00ed como configurar su perfil para garantizar su privacidad.<\/p>&#13;\n<p data-start=\"1269\" data-end=\"1470\">Vending el Cafet\u00f3, SL trata la informaci\u00f3n p\u00fablica del Usuario, en particular, su nombre de contacto. Estos datos solo son utilizados dentro de la propia Red Social y no se incorporan a ning\u00fan archivo.<\/p>&#13;\n<h3 class=\"wp-block-heading\" data-start=\"1472\" data-end=\"1504\"><strong data-start=\"1476\" data-end=\"1504\">Drets dels Usuaris<\/strong><\/h3>&#13;\n<p data-start=\"1505\" data-end=\"1756\">En relaci\u00f3n con los derechos de acceso, rectificaci\u00f3n, cancelaci\u00f3n y oposici\u00f3n que el Usuario tiene y que pueden ser ejercidos ante Vending el Cafet\u00f3, SL, de acuerdo con el T\u00edtulo III de la LOPD y el RDLOPD, se deben considerar los siguientes matices:<\/p>&#13;\n<ul data-start=\"1758\" data-end=\"3127\">&#13;\n<li data-start=\"1758\" data-end=\"2190\"><strong data-start=\"1760\" data-end=\"1782\">Derecho de Acceso:<\/strong> Es el derecho del Usuario a obtener informaci\u00f3n sobre sus datos personales espec\u00edficos y el tratamiento que Vending el Cafet\u00f3, SL haya realizado o realice, as\u00ed como la informaci\u00f3n disponible sobre su origen y las comunicaciones realizadas o previstas de los mismos. Este derecho estar\u00e1 definido por la funcionalidad de la Red Social y la capacidad de acceso a la informaci\u00f3n de los perfiles de los Usuarios.<\/li>&#13;\n<li data-start=\"2191\" data-end=\"2537\"><strong data-start=\"2193\" data-end=\"2222\">Derecho de Rectificaci\u00f3n:<\/strong> Es el derecho del interesado a modificar los datos que resulten ser inexactos o incompletos. Solo podr\u00e1 ejercerse en relaci\u00f3n con la informaci\u00f3n bajo el control de Vending el Cafet\u00f3, SL (por ejemplo, eliminar comentarios publicados en su propio perfil). Normalmente, este derecho debe ejercerse ante la Red Social.<\/li>&#13;\n<li data-start=\"2538\" data-end=\"2847\"><strong data-start=\"2540\" data-end=\"2567\">Derecho de Cancelaci\u00f3n:<\/strong> Es el derecho a suprimir los datos de car\u00e1cter personal del Usuario, salvo lo previsto en otras leyes aplicables que determinen la obligatoriedad de su conservaci\u00f3n en tiempo y forma. Este derecho se puede ejercer, por ejemplo, mediante la desvinculaci\u00f3n del perfil de la p\u00e1gina.<\/li>&#13;\n<li data-start=\"2848\" data-end=\"3127\"><strong data-start=\"2850\" data-end=\"2875\">Derecho de Oposici\u00f3n:<\/strong> Es el derecho del Usuario a que no se lleve a cabo el tratamiento de sus datos personales o a que cese su tratamiento por parte de Vending el Cafet\u00f3, SL. Al igual que en el derecho de cancelaci\u00f3n, puede ejercerse mediante la desvinculaci\u00f3n del perfil.<\/li>&#13;\n<\/ul>&#13;\n<p data-start=\"3129\" data-end=\"3237\">Para ejercer cualquiera de los derechos descritos anteriormente, se deben cumplir los siguientes requisitos:<\/p>&#13;\n<ol data-start=\"3239\" data-end=\"4188\">&#13;\n<li data-start=\"3239\" data-end=\"3450\"><strong data-start=\"3242\" data-end=\"3283\">Presentaci\u00f3n de un escrito dirigido a<\/strong> Vending el Cafet\u00f3, SL a la direcci\u00f3n Ctra. BP5107 Km. 44, Pol\u00edgono La Plana 1, 08458 Sant Pere de Vilamajor, o bien por correo electr\u00f3nico a <a rel=\"noopener\" data-start=\"3425\" data-end=\"3447\">info@vendingcafeto.com<\/a>.<\/li>&#13;\n<li data-start=\"3451\" data-end=\"4188\"><strong data-start=\"3454\" data-end=\"3505\">El escrito remitido por el titular de los datos<\/strong> debe cumplir los siguientes requisitos:<br\/>&#13;\n<ul data-start=\"3549\" data-end=\"4188\">&#13;\n<li data-start=\"3549\" data-end=\"3922\">Nombre, apellidos del interesado y copia del DNI. En los casos excepcionales en los que se acepte la representaci\u00f3n, ser\u00e1 tambi\u00e9n necesaria la identificaci\u00f3n del representante mediante el mismo medio, as\u00ed como el documento acreditativo de la representaci\u00f3n. La fotocopia del DNI podr\u00e1 ser sustituida si se acredita la identidad por cualquier otro medio v\u00e1lido en derecho.<\/li>&#13;\n<li data-start=\"3926\" data-end=\"4051\">Petici\u00f3n concreta sobre la solicitud (ejercicio del derecho que se desea ejercer o informaci\u00f3n a la que se quiere acceder).<\/li>&#13;\n<li data-start=\"4055\" data-end=\"4095\">Domicilio a efectos de notificaciones.<\/li>&#13;\n<li data-start=\"4099\" data-end=\"4131\">Fecha y firma del solicitante.<\/li>&#13;\n<li data-start=\"4135\" data-end=\"4188\">Documentos acreditativos de la solicitud realizada.<\/li>&#13;\n<\/ul>&#13;\n<\/li>&#13;\n<\/ol>&#13;\n<p data-start=\"4190\" data-end=\"4296\">El interesado debe utilizar cualquier medio que permita acreditar el env\u00edo y la recepci\u00f3n de la solicitud.<\/p>&#13;\n<hr data-start=\"4298\" data-end=\"4301\"\/>&#13;\n<h3 data-start=\"4303\" data-end=\"4325\"><strong data-start=\"4307\" data-end=\"4325\">\u00das del Perfil<\/strong><\/h3>&#13;\n<p data-start=\"4326\" data-end=\"4387\">Vending el Cafet\u00f3, SL llevar\u00e1 a cabo las siguientes acciones:<\/p>&#13;\n<ul data-start=\"4389\" data-end=\"4722\">&#13;\n<li data-start=\"4389\" data-end=\"4434\">Acceso a la informaci\u00f3n p\u00fablica del perfil.<\/li>&#13;\n<li data-start=\"4435\" data-end=\"4548\">Publicaci\u00f3n en el perfil del Usuario de toda la informaci\u00f3n ya publicada en la p\u00e1gina de Vending el Cafet\u00f3, SL.<\/li>&#13;\n<li data-start=\"4549\" data-end=\"4636\">Env\u00edo de mensajes personales e individuales a trav\u00e9s de los canales de la Red Social.<\/li>&#13;\n<li data-start=\"4637\" data-end=\"4722\">Actualizaciones del estado de la p\u00e1gina que se publicar\u00e1n en el perfil del Usuario.<\/li>&#13;\n<\/ul>&#13;\n<p data-start=\"4724\" data-end=\"4909\">El usuario siempre puede controlar sus conexiones, eliminar contenidos que ya no le interesen y restringir con qui\u00e9n comparte sus conexiones accediendo a la configuraci\u00f3n de privacidad.<\/p>&#13;\n<hr data-start=\"4911\" data-end=\"4914\"\/>&#13;\n<h3 data-start=\"4916\" data-end=\"4937\"><strong data-start=\"4920\" data-end=\"4937\">Publicacions<\/strong><\/h3>&#13;\n<p data-start=\"4938\" data-end=\"5148\">El Usuario, una vez unido a la p\u00e1gina de Vending el Cafet\u00f3, SL, podr\u00e1 publicar en la misma comentarios, enlaces, im\u00e1genes, fotograf\u00edas o cualquier otro tipo de contenido multimedia soportado por la Red Social.<\/p>&#13;\n<p data-start=\"5150\" data-end=\"5562\">El usuario, en todos los casos, debe ser el titular de los derechos de autor y de propiedad intelectual o contar con el consentimiento de terceros afectados. Queda expresamente prohibida cualquier publicaci\u00f3n en la p\u00e1gina que atente contra la moral, la \u00e9tica, el buen gusto o el decoro, y\/o que infrinja derechos de propiedad intelectual o industrial, el derecho a la imagen o cualquier normativa legal vigente.<\/p>&#13;\n<p data-start=\"5564\" data-end=\"5724\">En estos casos, Vending el Cafet\u00f3, SL se reserva el derecho a retirar inmediatamente el contenido, pudiendo incluso solicitar el bloqueo permanente del Usuario.<\/p>&#13;\n<p data-start=\"5726\" data-end=\"5830\">Vending el Cafet\u00f3, SL no se har\u00e1 responsable de los contenidos que un Usuario haya publicado libremente.<\/p>&#13;\n<p data-start=\"5832\" data-end=\"5988\">El Usuario debe ser consciente de que sus publicaciones ser\u00e1n visibles por otros usuarios, por lo que \u00e9l mismo es el principal responsable de su privacidad.<\/p>&#13;\n<p data-start=\"5990\" data-end=\"6139\">Las im\u00e1genes publicadas en la p\u00e1gina no ser\u00e1n almacenadas en ning\u00fan archivo por parte de Vending el Cafet\u00f3, SL, aunque permanecer\u00e1n en la Red Social.<\/p>&#13;\n<hr data-start=\"6141\" data-end=\"6144\"\/>&#13;\n<h3 data-start=\"6146\" data-end=\"6177\"><strong data-start=\"6150\" data-end=\"6177\">Concursos i Promocions<\/strong><\/h3>&#13;\n<p data-start=\"6178\" data-end=\"6481\">Vending el Cafet\u00f3, SL se reserva el derecho a realizar concursos y promociones en los que podr\u00e1n participar los Usuarios que se unan a su p\u00e1gina. Las bases de cada promoci\u00f3n ser\u00e1n publicadas en la propia plataforma de la Red Social, cumpliendo siempre con la LSSICE y cualquier otra normativa aplicable.<\/p>&#13;\n<p data-start=\"6483\" data-end=\"6598\">La Red Social no patrocina, avala ni administra, de ninguna manera, nuestras promociones, ni est\u00e1 asociada a ellas.<\/p>&#13;\n<hr data-start=\"6600\" data-end=\"6603\"\/>&#13;\n<h3 data-start=\"6605\" data-end=\"6623\"><strong data-start=\"6609\" data-end=\"6623\">Publicitat<\/strong><\/h3>&#13;\n<p data-start=\"6624\" data-end=\"6914\">Vending el Cafet\u00f3, SL utilizar\u00e1 la Red Social para publicitar sus productos y servicios. En todo caso, si decide tratar los datos de contacto de los Usuarios para realizar acciones directas de prospecci\u00f3n comercial, ser\u00e1 siempre cumpliendo con las exigencias legales de la LOPD y la LSSICE.<\/p>&#13;\n<p data-start=\"6916\" data-end=\"7096\">No se considerar\u00e1 publicidad la recomendaci\u00f3n a otros Usuarios de la p\u00e1gina de Vending el Cafet\u00f3, SL para que puedan disfrutar de promociones o estar informados sobre su actividad.<\/p>&#13;\n<p>[\/vc_column_text][\/vc_column][\/vc_row]<\/p><\/div>","protected":false},"excerpt":{"rendered":"<p>[vc_row][vc_column][vc_column_text css=&#8221;&#8221;] &#13; En cumplimiento de la Ley Org\u00e1nica 15\/1999, de 13 de diciembre, de Protecci\u00f3n de Datos de Car\u00e1cter&#8230;<\/p>\n","protected":false},"author":1,"featured_media":0,"parent":0,"menu_order":0,"comment_status":"closed","ping_status":"open","template":"","meta":{"footnotes":""},"class_list":["post-27325","page","type-page","status-publish"],"yoast_head":"<!-- This site is optimized with the Yoast SEO plugin v25.8 - https:\/\/yoast.com\/wordpress\/plugins\/seo\/ -->\n<title>Pol\u00edtica de privadesa - Vending Cafeto<\/title>\n<meta name=\"robots\" content=\"index, follow, max-snippet:-1, max-image-preview:large, max-video-preview:-1\" \/>\n<link rel=\"canonical\" href=\"https:\/\/shop.vendingcafeto.com\/ca\/politica-de-privadesa\/\" \/>\n<meta property=\"og:locale\" content=\"ca_ES\" \/>\n<meta property=\"og:type\" content=\"article\" \/>\n<meta property=\"og:title\" content=\"Pol\u00edtica de privadesa - Vending Cafeto\" \/>\n<meta property=\"og:description\" content=\"[vc_row][vc_column][vc_column_text css=&#8221;&#8221;] &#013; En cumplimiento de la Ley Org\u00e1nica 15\/1999, de 13 de diciembre, de Protecci\u00f3n de Datos de Car\u00e1cter...\" \/>\n<meta property=\"og:url\" content=\"https:\/\/shop.vendingcafeto.com\/ca\/politica-de-privadesa\/\" \/>\n<meta property=\"og:site_name\" content=\"Vending Cafeto\" \/>\n<meta property=\"article:publisher\" content=\"https:\/\/www.facebook.com\/people\/Vending-Cafeto\/61568302384421\" \/>\n<meta property=\"article:modified_time\" content=\"2025-07-04T14:12:33+00:00\" \/>\n<meta name=\"twitter:card\" content=\"summary_large_image\" \/>\n<meta name=\"twitter:label1\" content=\"Temps estimat de lectura\" \/>\n\t<meta name=\"twitter:data1\" content=\"6 Minutos\" \/>\n<script type=\"application\/ld+json\" class=\"yoast-schema-graph\">{\"@context\":\"https:\/\/schema.org\",\"@graph\":[{\"@type\":\"WebPage\",\"@id\":\"https:\/\/shop.vendingcafeto.com\/ca\/politica-de-privadesa\/\",\"url\":\"https:\/\/shop.vendingcafeto.com\/ca\/politica-de-privadesa\/\",\"name\":\"Pol\u00edtica de privadesa - Vending Cafeto\",\"isPartOf\":{\"@id\":\"https:\/\/shop.vendingcafeto.com\/#website\"},\"datePublished\":\"2024-09-30T14:48:56+00:00\",\"dateModified\":\"2025-07-04T14:12:33+00:00\",\"breadcrumb\":{\"@id\":\"https:\/\/shop.vendingcafeto.com\/ca\/politica-de-privadesa\/#breadcrumb\"},\"inLanguage\":\"ca\",\"potentialAction\":[{\"@type\":\"ReadAction\",\"target\":[\"https:\/\/shop.vendingcafeto.com\/ca\/politica-de-privadesa\/\"]}]},{\"@type\":\"BreadcrumbList\",\"@id\":\"https:\/\/shop.vendingcafeto.com\/ca\/politica-de-privadesa\/#breadcrumb\",\"itemListElement\":[{\"@type\":\"ListItem\",\"position\":1,\"name\":\"Portada\",\"item\":\"https:\/\/shop.vendingcafeto.com\/ca\/inicio\/\"},{\"@type\":\"ListItem\",\"position\":2,\"name\":\"Pol\u00edtica de privadesa\"}]},{\"@type\":\"WebSite\",\"@id\":\"https:\/\/shop.vendingcafeto.com\/#website\",\"url\":\"https:\/\/shop.vendingcafeto.com\/\",\"name\":\"Vending Cafeto\",\"description\":\"\",\"publisher\":{\"@id\":\"https:\/\/shop.vendingcafeto.com\/#organization\"},\"potentialAction\":[{\"@type\":\"SearchAction\",\"target\":{\"@type\":\"EntryPoint\",\"urlTemplate\":\"https:\/\/shop.vendingcafeto.com\/?s={search_term_string}\"},\"query-input\":{\"@type\":\"PropertyValueSpecification\",\"valueRequired\":true,\"valueName\":\"search_term_string\"}}],\"inLanguage\":\"ca\"},{\"@type\":\"Organization\",\"@id\":\"https:\/\/shop.vendingcafeto.com\/#organization\",\"name\":\"Vending Cafeto\",\"url\":\"https:\/\/shop.vendingcafeto.com\/\",\"logo\":{\"@type\":\"ImageObject\",\"inLanguage\":\"ca\",\"@id\":\"https:\/\/shop.vendingcafeto.com\/#\/schema\/logo\/image\/\",\"url\":\"https:\/\/shop.vendingcafeto.com\/wp-content\/uploads\/2025\/04\/logo_small.png\",\"contentUrl\":\"https:\/\/shop.vendingcafeto.com\/wp-content\/uploads\/2025\/04\/logo_small.png\",\"width\":150,\"height\":85,\"caption\":\"Vending Cafeto\"},\"image\":{\"@id\":\"https:\/\/shop.vendingcafeto.com\/#\/schema\/logo\/image\/\"},\"sameAs\":[\"https:\/\/www.facebook.com\/people\/Vending-Cafeto\/61568302384421\",\"https:\/\/www.instagram.com\/vendingcafeto\/\"]}]}<\/script>\n<!-- \/ Yoast SEO plugin. -->","yoast_head_json":{"title":"Pol\u00edtica de privadesa - Vending Cafeto","robots":{"index":"index","follow":"follow","max-snippet":"max-snippet:-1","max-image-preview":"max-image-preview:large","max-video-preview":"max-video-preview:-1"},"canonical":"https:\/\/shop.vendingcafeto.com\/ca\/politica-de-privadesa\/","og_locale":"ca_ES","og_type":"article","og_title":"Pol\u00edtica de privadesa - Vending Cafeto","og_description":"[vc_row][vc_column][vc_column_text css=&#8221;&#8221;] &#13; En cumplimiento de la Ley Org\u00e1nica 15\/1999, de 13 de diciembre, de Protecci\u00f3n de Datos de Car\u00e1cter...","og_url":"https:\/\/shop.vendingcafeto.com\/ca\/politica-de-privadesa\/","og_site_name":"Vending Cafeto","article_publisher":"https:\/\/www.facebook.com\/people\/Vending-Cafeto\/61568302384421","article_modified_time":"2025-07-04T14:12:33+00:00","twitter_card":"summary_large_image","twitter_misc":{"Temps estimat de lectura":"6 Minutos"},"schema":{"@context":"https:\/\/schema.org","@graph":[{"@type":"WebPage","@id":"https:\/\/shop.vendingcafeto.com\/ca\/politica-de-privadesa\/","url":"https:\/\/shop.vendingcafeto.com\/ca\/politica-de-privadesa\/","name":"Pol\u00edtica de privadesa - Vending Cafeto","isPartOf":{"@id":"https:\/\/shop.vendingcafeto.com\/#website"},"datePublished":"2024-09-30T14:48:56+00:00","dateModified":"2025-07-04T14:12:33+00:00","breadcrumb":{"@id":"https:\/\/shop.vendingcafeto.com\/ca\/politica-de-privadesa\/#breadcrumb"},"inLanguage":"ca","potentialAction":[{"@type":"ReadAction","target":["https:\/\/shop.vendingcafeto.com\/ca\/politica-de-privadesa\/"]}]},{"@type":"BreadcrumbList","@id":"https:\/\/shop.vendingcafeto.com\/ca\/politica-de-privadesa\/#breadcrumb","itemListElement":[{"@type":"ListItem","position":1,"name":"Portada","item":"https:\/\/shop.vendingcafeto.com\/ca\/inicio\/"},{"@type":"ListItem","position":2,"name":"Pol\u00edtica de privadesa"}]},{"@type":"WebSite","@id":"https:\/\/shop.vendingcafeto.com\/#website","url":"https:\/\/shop.vendingcafeto.com\/","name":"Vending Cafeto","description":"","publisher":{"@id":"https:\/\/shop.vendingcafeto.com\/#organization"},"potentialAction":[{"@type":"SearchAction","target":{"@type":"EntryPoint","urlTemplate":"https:\/\/shop.vendingcafeto.com\/?s={search_term_string}"},"query-input":{"@type":"PropertyValueSpecification","valueRequired":true,"valueName":"search_term_string"}}],"inLanguage":"ca"},{"@type":"Organization","@id":"https:\/\/shop.vendingcafeto.com\/#organization","name":"Vending Cafeto","url":"https:\/\/shop.vendingcafeto.com\/","logo":{"@type":"ImageObject","inLanguage":"ca","@id":"https:\/\/shop.vendingcafeto.com\/#\/schema\/logo\/image\/","url":"https:\/\/shop.vendingcafeto.com\/wp-content\/uploads\/2025\/04\/logo_small.png","contentUrl":"https:\/\/shop.vendingcafeto.com\/wp-content\/uploads\/2025\/04\/logo_small.png","width":150,"height":85,"caption":"Vending Cafeto"},"image":{"@id":"https:\/\/shop.vendingcafeto.com\/#\/schema\/logo\/image\/"},"sameAs":["https:\/\/www.facebook.com\/people\/Vending-Cafeto\/61568302384421","https:\/\/www.instagram.com\/vendingcafeto\/"]}]}},"_links":{"self":[{"href":"https:\/\/shop.vendingcafeto.com\/ca\/wp-json\/wp\/v2\/pages\/27325","targetHints":{"allow":["GET"]}}],"collection":[{"href":"https:\/\/shop.vendingcafeto.com\/ca\/wp-json\/wp\/v2\/pages"}],"about":[{"href":"https:\/\/shop.vendingcafeto.com\/ca\/wp-json\/wp\/v2\/types\/page"}],"author":[{"embeddable":true,"href":"https:\/\/shop.vendingcafeto.com\/ca\/wp-json\/wp\/v2\/users\/1"}],"replies":[{"embeddable":true,"href":"https:\/\/shop.vendingcafeto.com\/ca\/wp-json\/wp\/v2\/comments?post=27325"}],"version-history":[{"count":2,"href":"https:\/\/shop.vendingcafeto.com\/ca\/wp-json\/wp\/v2\/pages\/27325\/revisions"}],"predecessor-version":[{"id":27612,"href":"https:\/\/shop.vendingcafeto.com\/ca\/wp-json\/wp\/v2\/pages\/27325\/revisions\/27612"}],"wp:attachment":[{"href":"https:\/\/shop.vendingcafeto.com\/ca\/wp-json\/wp\/v2\/media?parent=27325"}],"curies":[{"name":"wp","href":"https:\/\/api.w.org\/{rel}","templated":true}]}}